{"id":73,"date":"2024-08-06T14:46:18","date_gmt":"2024-08-06T12:46:18","guid":{"rendered":"https:\/\/lamaisonnee.be\/?page_id=73"},"modified":"2025-05-15T23:22:56","modified_gmt":"2025-05-15T21:22:56","slug":"bien-etre","status":"publish","type":"page","link":"https:\/\/lamaisonnee.be\/index.php\/bien-etre\/","title":{"rendered":"Vivre Maisonn\u00e9e"},"content":{"rendered":"<p>[et_pb_section fb_built=\u00a0\u00bb1&Prime; admin_label=\u00a0\u00bbHeader\u00a0\u00bb _builder_version=\u00a0\u00bb4.27.4&Prime; _module_preset=\u00a0\u00bbdefault\u00a0\u00bb background_color=\u00a0\u00bb#0e7162&Prime; use_background_color_gradient=\u00a0\u00bbon\u00a0\u00bb background_color_gradient_direction=\u00a0\u00bb90deg\u00a0\u00bb background_color_gradient_stops=\u00a0\u00bb#0e7162 26%|#01797f 100%\u00a0\u00bb background_enable_pattern_style=\u00a0\u00bbon\u00a0\u00bb background_pattern_style=\u00a0\u00bbhoneycomb\u00a0\u00bb background_pattern_color=\u00a0\u00bbrgba(224,205,169,0.18)\u00a0\u00bb overflow-x=\u00a0\u00bbhidden\u00a0\u00bb overflow-y=\u00a0\u00bbhidden\u00a0\u00bb custom_padding=\u00a0\u00bb0px||0px||false|false\u00a0\u00bb global_colors_info=\u00a0\u00bb{%22gcid-69e972fe-da24-4a3a-ae69-014a9d9ad22b%22:%91%22colorStart%22%93}\u00a0\u00bb da_is_popup=\u00a0\u00bboff\u00a0\u00bb da_exit_intent=\u00a0\u00bboff\u00a0\u00bb da_has_close=\u00a0\u00bbon\u00a0\u00bb da_alt_close=\u00a0\u00bboff\u00a0\u00bb da_dark_close=\u00a0\u00bboff\u00a0\u00bb da_not_modal=\u00a0\u00bbon\u00a0\u00bb da_is_singular=\u00a0\u00bboff\u00a0\u00bb da_with_loader=\u00a0\u00bboff\u00a0\u00bb da_has_shadow=\u00a0\u00bbon\u00a0\u00bb da_disable_devices=\u00a0\u00bboff|off|off\u00a0\u00bb][et_pb_row column_structure=\u00a0\u00bb1_2,1_2&Prime; use_custom_gutter=\u00a0\u00bbon\u00a0\u00bb gutter_width=\u00a0\u00bb1&Prime; _builder_version=\u00a0\u00bb4.16&Prime; _module_preset=\u00a0\u00bbdefault\u00a0\u00bb custom_padding=\u00a0\u00bb0px||0px||true|false\u00a0\u00bb global_colors_info=\u00a0\u00bb{}\u00a0\u00bb][et_pb_column type=\u00a0\u00bb1_2&Prime; _builder_version=\u00a0\u00bb4.16&Prime; _module_preset=\u00a0\u00bbdefault\u00a0\u00bb custom_padding=\u00a0\u00bb100px|60px|200px||false|false\u00a0\u00bb custom_padding_tablet=\u00a0\u00bb60px|0px|60px||true|false\u00a0\u00bb custom_padding_phone=\u00a0\u00bb40px||40px||true|false\u00a0\u00bb custom_padding_last_edited=\u00a0\u00bbon|phone\u00a0\u00bb global_colors_info=\u00a0\u00bb{}\u00a0\u00bb][et_pb_text _builder_version=\u00a0\u00bb4.27.0&Prime; _module_preset=\u00a0\u00bbe598b17a-9229-42f6-b238-019d6094332e\u00a0\u00bb header_font=\u00a0\u00bbNoto Serif||||||||\u00a0\u00bb header_text_color=\u00a0\u00bb#FFFFFF\u00a0\u00bb header_font_size=\u00a0\u00bb90px\u00a0\u00bb header_line_height=\u00a0\u00bb1.1em\u00a0\u00bb background_enable_color=\u00a0\u00bboff\u00a0\u00bb background_enable_image=\u00a0\u00bboff\u00a0\u00bb background_size=\u00a0\u00bbinitial\u00a0\u00bb background_position=\u00a0\u00bbtop_right\u00a0\u00bb custom_margin=\u00a0\u00bb||10px||false|false\u00a0\u00bb header_font_size_tablet=\u00a0\u00bb50px\u00a0\u00bb header_font_size_phone=\u00a0\u00bb30px\u00a0\u00bb header_font_size_last_edited=\u00a0\u00bbon|phone\u00a0\u00bb header_line_height_tablet=\u00a0\u00bb1.2em\u00a0\u00bb header_line_height_phone=\u00a0\u00bb1.2em\u00a0\u00bb header_line_height_last_edited=\u00a0\u00bbon|desktop\u00a0\u00bb locked=\u00a0\u00bboff\u00a0\u00bb global_colors_info=\u00a0\u00bb{}\u00a0\u00bb]<\/p>\n<h1>La Maisonn\u00e9e<\/h1>\n<p>[\/et_pb_text][et_pb_text _builder_version=\u00a0\u00bb4.27.4&Prime; _module_preset=\u00a0\u00bb7262e956-c376-4aa6-9642-c413f71527d0&Prime; text_font=\u00a0\u00bb|600|||||||\u00a0\u00bb text_text_color=\u00a0\u00bb#FFFFFF\u00a0\u00bb text_font_size=\u00a0\u00bb16px\u00a0\u00bb text_line_height=\u00a0\u00bb1.8em\u00a0\u00bb text_orientation=\u00a0\u00bbcenter\u00a0\u00bb module_alignment=\u00a0\u00bbcenter\u00a0\u00bb custom_margin=\u00a0\u00bb30px||30px|50px|true|false\u00a0\u00bb custom_margin_tablet=\u00a0\u00bb|||0px|false|false\u00a0\u00bb custom_margin_phone=\u00a0\u00bb\u00a0\u00bb custom_margin_last_edited=\u00a0\u00bbon|phone\u00a0\u00bb custom_padding=\u00a0\u00bb||||false|false\u00a0\u00bb custom_padding_tablet=\u00a0\u00bb30px||30px|60px|false|false\u00a0\u00bb custom_padding_phone=\u00a0\u00bb20px||20px|0px|true|false\u00a0\u00bb custom_padding_last_edited=\u00a0\u00bboff|desktop\u00a0\u00bb text_font_size_tablet=\u00a0\u00bb\u00a0\u00bb text_font_size_phone=\u00a0\u00bb13px\u00a0\u00bb text_font_size_last_edited=\u00a0\u00bbon|phone\u00a0\u00bb header_font_size_tablet=\u00a0\u00bb55px\u00a0\u00bb header_font_size_last_edited=\u00a0\u00bboff|desktop\u00a0\u00bb text_text_shadow_style=\u00a0\u00bbpreset2&Prime; locked=\u00a0\u00bboff\u00a0\u00bb global_colors_info=\u00a0\u00bb{}\u00a0\u00bb]<\/p>\n<p style=\"text-align: left;\"><span>Nich\u00e9 dans un \u00e9crin de verdure aux portes de Nivelles, notre \u00e9tablissement offre un cadre paisible et ressour\u00e7ant. <\/span><\/p>\n<p style=\"text-align: left;\"><span>Les r\u00e9sidents profitent d&rsquo;un environnement champ\u00eatre o\u00f9 nature et s\u00e9r\u00e9nit\u00e9 se conjuguent pour cr\u00e9er une atmosph\u00e8re apaisante au quotidien.<\/span><\/p>\n<p>[\/et_pb_text][\/et_pb_column][et_pb_column type=\u00a0\u00bb1_2&Prime; _builder_version=\u00a0\u00bb4.16&Prime; _module_preset=\u00a0\u00bbdefault\u00a0\u00bb global_colors_info=\u00a0\u00bb{}\u00a0\u00bb][et_pb_gallery gallery_ids=\u00a0\u00bb394581,394633,394570,394606,394579,394485,394487,394623,394609&Prime; fullwidth=\u00a0\u00bbon\u00a0\u00bb admin_label=\u00a0\u00bbgalerie1&Prime; module_id=\u00a0\u00bbgallerie1&Prime; _builder_version=\u00a0\u00bb4.27.4&Prime; _module_preset=\u00a0\u00bbdefault\u00a0\u00bb title_text_color=\u00a0\u00bbRGBA(255,255,255,0)\u00a0\u00bb pagination_font=\u00a0\u00bb|300|||||||\u00a0\u00bb pagination_text_color=\u00a0\u00bbRGBA(255,255,255,0)\u00a0\u00bb pagination_font_size=\u00a0\u00bb0px\u00a0\u00bb background_layout=\u00a0\u00bbdark\u00a0\u00bb custom_margin=\u00a0\u00bb|-60%|||false|false\u00a0\u00bb custom_margin_tablet=\u00a0\u00bb|0%|||false|false\u00a0\u00bb custom_margin_phone=\u00a0\u00bb|0%|||false|false\u00a0\u00bb custom_margin_last_edited=\u00a0\u00bbon|phone\u00a0\u00bb custom_padding=\u00a0\u00bb0px||15px||false|false\u00a0\u00bb custom_css_free_form=\u00a0\u00bb.gallerie1 .et_pb_gallery_item .et_pb_gallery_caption {||    display: none !important;||}\u00a0\u00bb border_radii=\u00a0\u00bbon|30px|30px|30px|30px\u00a0\u00bb global_colors_info=\u00a0\u00bb{}\u00a0\u00bb][\/et_pb_gallery][\/et_pb_column][\/et_pb_row][\/et_pb_section][et_pb_section fb_built=\u00a0\u00bb1&Prime; admin_label=\u00a0\u00bbAbout\u00a0\u00bb _builder_version=\u00a0\u00bb4.27.0&Prime; _module_preset=\u00a0\u00bbdefault\u00a0\u00bb custom_padding=\u00a0\u00bb0px||0px||true|false\u00a0\u00bb top_divider_color=\u00a0\u00bb#e0cda9&Prime; global_colors_info=\u00a0\u00bb{}\u00a0\u00bb da_is_popup=\u00a0\u00bboff\u00a0\u00bb da_exit_intent=\u00a0\u00bboff\u00a0\u00bb da_has_close=\u00a0\u00bbon\u00a0\u00bb da_alt_close=\u00a0\u00bboff\u00a0\u00bb da_dark_close=\u00a0\u00bboff\u00a0\u00bb da_not_modal=\u00a0\u00bbon\u00a0\u00bb da_is_singular=\u00a0\u00bboff\u00a0\u00bb da_with_loader=\u00a0\u00bboff\u00a0\u00bb da_has_shadow=\u00a0\u00bbon\u00a0\u00bb da_disable_devices=\u00a0\u00bboff|off|off\u00a0\u00bb][et_pb_row column_structure=\u00a0\u00bb2_5,3_5&Prime; use_custom_gutter=\u00a0\u00bbon\u00a0\u00bb gutter_width=\u00a0\u00bb1&Prime; _builder_version=\u00a0\u00bb4.27.4&Prime; _module_preset=\u00a0\u00bbdefault\u00a0\u00bb custom_margin=\u00a0\u00bb50px||50px||true|false\u00a0\u00bb global_colors_info=\u00a0\u00bb{}\u00a0\u00bb][et_pb_column type=\u00a0\u00bb2_5&Prime; _builder_version=\u00a0\u00bb4.16&Prime; _module_preset=\u00a0\u00bbdefault\u00a0\u00bb global_colors_info=\u00a0\u00bb{}\u00a0\u00bb][et_pb_image src=\u00a0\u00bbhttps:\/\/lamaisonnee.be\/wp-content\/uploads\/2024\/08\/Capture_d_ecran_2024-08-06_a_15.02.33-removebg-preview.png\u00a0\u00bb title_text=\u00a0\u00bbCapture_d_e\u0301cran_2024-08-06_a\u0300_15.02.33-removebg-preview\u00a0\u00bb align=\u00a0\u00bbright\u00a0\u00bb align_tablet=\u00a0\u00bbcenter\u00a0\u00bb align_phone=\u00a0\u00bb\u00a0\u00bb align_last_edited=\u00a0\u00bbon|tablet\u00a0\u00bb disabled_on=\u00a0\u00bbon|off|off\u00a0\u00bb _builder_version=\u00a0\u00bb4.27.4&Prime; _module_preset=\u00a0\u00bbdefault\u00a0\u00bb width=\u00a0\u00bb50%\u00a0\u00bb module_alignment=\u00a0\u00bbright\u00a0\u00bb custom_margin=\u00a0\u00bb-50%||||false|false\u00a0\u00bb custom_margin_tablet=\u00a0\u00bb0px||||false|false\u00a0\u00bb custom_margin_phone=\u00a0\u00bb\u00a0\u00bb custom_margin_last_edited=\u00a0\u00bbon|tablet\u00a0\u00bb global_colors_info=\u00a0\u00bb{}\u00a0\u00bb][\/et_pb_image][\/et_pb_column][et_pb_column type=\u00a0\u00bb3_5&Prime; _builder_version=\u00a0\u00bb4.27.4&Prime; _module_preset=\u00a0\u00bbdefault\u00a0\u00bb custom_padding=\u00a0\u00bb|0px|||false|false\u00a0\u00bb global_colors_info=\u00a0\u00bb{}\u00a0\u00bb][et_pb_text _builder_version=\u00a0\u00bb4.27.0&Prime; _module_preset=\u00a0\u00bb003e9429-8e11-4d9e-968b-8881092bbf81&Prime; header_2_font=\u00a0\u00bbNoto Serif||||||||\u00a0\u00bb header_2_text_color=\u00a0\u00bb#000000&Prime; header_2_font_size=\u00a0\u00bb50px\u00a0\u00bb header_2_line_height=\u00a0\u00bb1.3em\u00a0\u00bb custom_margin=\u00a0\u00bb||10px||false|false\u00a0\u00bb header_2_font_size_tablet=\u00a0\u00bb32px\u00a0\u00bb header_2_font_size_phone=\u00a0\u00bb18px\u00a0\u00bb header_2_font_size_last_edited=\u00a0\u00bbon|desktop\u00a0\u00bb header_2_line_height_tablet=\u00a0\u00bb1.2em\u00a0\u00bb header_2_line_height_phone=\u00a0\u00bb1.2em\u00a0\u00bb header_2_line_height_last_edited=\u00a0\u00bboff|desktop\u00a0\u00bb locked=\u00a0\u00bboff\u00a0\u00bb global_colors_info=\u00a0\u00bb{}\u00a0\u00bb]<\/p>\n<h2>L&rsquo;histoire du lieu<\/h2>\n<p>[\/et_pb_text][et_pb_text _builder_version=\u00a0\u00bb4.27.4&Prime; _module_preset=\u00a0\u00bb7262e956-c376-4aa6-9642-c413f71527d0&Prime; text_font_size=\u00a0\u00bb16px\u00a0\u00bb text_line_height=\u00a0\u00bb1.8em\u00a0\u00bb width=\u00a0\u00bb100%\u00a0\u00bb hover_enabled=\u00a0\u00bb0&Prime; text_font_size_tablet=\u00a0\u00bb\u00a0\u00bb text_font_size_phone=\u00a0\u00bb13px\u00a0\u00bb text_font_size_last_edited=\u00a0\u00bbon|phone\u00a0\u00bb header_font_size_tablet=\u00a0\u00bb55px\u00a0\u00bb header_font_size_last_edited=\u00a0\u00bboff|desktop\u00a0\u00bb locked=\u00a0\u00bboff\u00a0\u00bb global_colors_info=\u00a0\u00bb{}\u00a0\u00bb sticky_enabled=\u00a0\u00bb0&Prime;]<\/p>\n<p style=\"text-align: justify;\">Nich\u00e9e dans la campagne Ittroise, <strong>La Maisonn\u00e9e<\/strong> \u00e9tait une ferme qui s&rsquo;est vue devenir un refuge et un lieu de vie sans \u00e9gal\u2026<\/p>\n<p style=\"text-align: justify;\">Accueillant <strong>une dizaine de personnes<\/strong>, le corps d&rsquo;habitation de la ferme, a tout d&rsquo;abord pris en charge toutes les facettes de l&rsquo;institution, c&rsquo;est\u2014\u00e0-dire tant le logement que les lieux d&rsquo;activit\u00e9s.<\/p>\n<p style=\"text-align: justify;\">D\u00e9but des ann\u00e9es 2000, La Maisonn\u00e9e entreprit la construction d&rsquo;un b\u00e2timent d&rsquo;h\u00e9bergement permettant l&rsquo;accueil de <strong>40 personnes en situation de handicap<\/strong>, qui deviendra <strong>l&rsquo;\u00d4&rsquo;Berge<\/strong>.<\/p>\n<p style=\"text-align: justify;\">Le b\u00e2timent initial ayant \u00e9t\u00e9 lib\u00e9r\u00e9 de son r\u00f4le d&rsquo;h\u00e9bergement, il deviendra le <strong>\u00ab secteur travail \u00bb<\/strong> pour se consacrer uniquement aux activit\u00e9s. Les bureaux administratifs se sont alors install\u00e9s \u00e0 l&rsquo;\u00e9tage.<\/p>\n<p style=\"text-align: justify;\">En 2023, le b\u00e2timent <strong>\u00ab La To\u00fbne \u00bb<\/strong> f\u00eate son inauguration. Il permettra l&rsquo;ouverture d&rsquo;une <strong>section sp\u00e9cialis\u00e9e<\/strong> dans l&rsquo;accueil de personne dites \u00e0 <strong>double diagnostic<\/strong> et la cr\u00e9ation d&rsquo;un espace sp\u00e9cifique au service administratif.<\/p>\n<p style=\"text-align: justify;\">En <strong>2025<\/strong> s&rsquo;ach\u00e8veront les travaux de r\u00e9novation du b\u00e2timent du secteur travail pour proposer d\u00e8s l&rsquo;automne 2025 des <strong>activit\u00e9s de journ\u00e9es<\/strong> qui s&rsquo;int\u00e9greront dans le parcours journalier des r\u00e9sidents mais \u00e9galement de b\u00e9n\u00e9ficiaires d&rsquo;accueil de jour. C&rsquo;est dans ce b\u00e2timent sera que \u00e9galement install\u00e9 le projet <strong>\u00d4&rsquo;kot<\/strong>.<\/p>\n<p>[\/et_pb_text][\/et_pb_column][\/et_pb_row][\/et_pb_section][et_pb_section fb_built=\u00a0\u00bb1&Prime; admin_label=\u00a0\u00bbServices\u00a0\u00bb _builder_version=\u00a0\u00bb4.27.4&Prime; _module_preset=\u00a0\u00bbdefault\u00a0\u00bb background_color=\u00a0\u00bb#FFFFFF\u00a0\u00bb background_color_gradient_direction=\u00a0\u00bb90deg\u00a0\u00bb custom_padding=\u00a0\u00bb0px||||false|false\u00a0\u00bb global_colors_info=\u00a0\u00bb{}\u00a0\u00bb da_is_popup=\u00a0\u00bboff\u00a0\u00bb da_exit_intent=\u00a0\u00bboff\u00a0\u00bb da_has_close=\u00a0\u00bbon\u00a0\u00bb da_alt_close=\u00a0\u00bboff\u00a0\u00bb da_dark_close=\u00a0\u00bboff\u00a0\u00bb da_not_modal=\u00a0\u00bbon\u00a0\u00bb da_is_singular=\u00a0\u00bboff\u00a0\u00bb da_with_loader=\u00a0\u00bboff\u00a0\u00bb da_has_shadow=\u00a0\u00bbon\u00a0\u00bb da_disable_devices=\u00a0\u00bboff|off|off\u00a0\u00bb][et_pb_row column_structure=\u00a0\u00bb1_3,1_3,1_3&Prime; custom_padding_last_edited=\u00a0\u00bboff|desktop\u00a0\u00bb disabled_on=\u00a0\u00bbon|off|off\u00a0\u00bb _builder_version=\u00a0\u00bb4.27.4&Prime; _module_preset=\u00a0\u00bbdefault\u00a0\u00bb background_color=\u00a0\u00bb#0e7162&Prime; custom_padding=\u00a0\u00bb80px||15vw||false|false\u00a0\u00bb custom_padding_tablet=\u00a0\u00bb|30px||30px|false|true\u00a0\u00bb custom_padding_phone=\u00a0\u00bb|20px||20px|false|true\u00a0\u00bb box_shadow_style=\u00a0\u00bbpreset4&Prime; box_shadow_horizontal=\u00a0\u00bb-30vw\u00a0\u00bb box_shadow_vertical=\u00a0\u00bb0px\u00a0\u00bb box_shadow_color=\u00a0\u00bb#282828&Prime; global_colors_info=\u00a0\u00bb{}\u00a0\u00bb][et_pb_column type=\u00a0\u00bb1_3&Prime; _builder_version=\u00a0\u00bb4.27.4&Prime; _module_preset=\u00a0\u00bbdefault\u00a0\u00bb global_colors_info=\u00a0\u00bb{}\u00a0\u00bb][et_pb_image src=\u00a0\u00bbhttps:\/\/lamaisonnee.be\/wp-content\/uploads\/2024\/08\/home-staging_08.png\u00a0\u00bb title_text=\u00a0\u00bbhome-staging_08&Prime; disabled_on=\u00a0\u00bbon|on|off\u00a0\u00bb _builder_version=\u00a0\u00bb4.27.4&Prime; _module_preset=\u00a0\u00bbdefault\u00a0\u00bb custom_margin=\u00a0\u00bb-200px||||false|false\u00a0\u00bb custom_margin_tablet=\u00a0\u00bb-80px||||false|false\u00a0\u00bb custom_margin_phone=\u00a0\u00bb-80px||||false|false\u00a0\u00bb custom_margin_last_edited=\u00a0\u00bbon|tablet\u00a0\u00bb filter_hue_rotate=\u00a0\u00bb60deg\u00a0\u00bb filter_saturate=\u00a0\u00bb54%\u00a0\u00bb filter_brightness=\u00a0\u00bb88%\u00a0\u00bb filter_contrast=\u00a0\u00bb126%\u00a0\u00bb filter_sepia=\u00a0\u00bb97%\u00a0\u00bb global_colors_info=\u00a0\u00bb{}\u00a0\u00bb][\/et_pb_image][\/et_pb_column][et_pb_column type=\u00a0\u00bb1_3&Prime; _builder_version=\u00a0\u00bb4.27.4&Prime; _module_preset=\u00a0\u00bbdefault\u00a0\u00bb global_colors_info=\u00a0\u00bb{}\u00a0\u00bb][et_pb_text _builder_version=\u00a0\u00bb4.27.0&Prime; _module_preset=\u00a0\u00bb003e9429-8e11-4d9e-968b-8881092bbf81&Prime; text_font=\u00a0\u00bbFaustina||||||||\u00a0\u00bb header_2_font=\u00a0\u00bbNoto Serif||||||||\u00a0\u00bb header_2_text_align=\u00a0\u00bbcenter\u00a0\u00bb header_2_text_color=\u00a0\u00bb#FFFFFF\u00a0\u00bb header_2_font_size=\u00a0\u00bb50px\u00a0\u00bb header_2_line_height=\u00a0\u00bb1.3em\u00a0\u00bb width=\u00a0\u00bb200%\u00a0\u00bb custom_margin=\u00a0\u00bb||10px||false|false\u00a0\u00bb header_2_font_size_tablet=\u00a0\u00bb32px\u00a0\u00bb header_2_font_size_phone=\u00a0\u00bb18px\u00a0\u00bb header_2_font_size_last_edited=\u00a0\u00bbon|desktop\u00a0\u00bb header_2_line_height_tablet=\u00a0\u00bb1.2em\u00a0\u00bb header_2_line_height_phone=\u00a0\u00bb1.2em\u00a0\u00bb header_2_line_height_last_edited=\u00a0\u00bboff|desktop\u00a0\u00bb locked=\u00a0\u00bboff\u00a0\u00bb global_colors_info=\u00a0\u00bb{}\u00a0\u00bb]<\/p>\n<h2>Les Infrastructures<\/h2>\n<p>[\/et_pb_text][\/et_pb_column][et_pb_column type=\u00a0\u00bb1_3&Prime; _builder_version=\u00a0\u00bb4.27.4&Prime; _module_preset=\u00a0\u00bbdefault\u00a0\u00bb global_colors_info=\u00a0\u00bb{}\u00a0\u00bb][\/et_pb_column][\/et_pb_row][et_pb_row column_structure=\u00a0\u00bb1_3,1_3,1_3&Prime; use_custom_gutter=\u00a0\u00bbon\u00a0\u00bb gutter_width=\u00a0\u00bb2&Prime; _builder_version=\u00a0\u00bb4.16&Prime; _module_preset=\u00a0\u00bbdefault\u00a0\u00bb transform_translate=\u00a0\u00bb1px|0px\u00a0\u00bb transform_translate_linked=\u00a0\u00bboff\u00a0\u00bb custom_margin=\u00a0\u00bb-12vw||||false|false\u00a0\u00bb global_colors_info=\u00a0\u00bb{}\u00a0\u00bb][et_pb_column type=\u00a0\u00bb1_3&Prime; _builder_version=\u00a0\u00bb4.16&Prime; _module_preset=\u00a0\u00bbdefault\u00a0\u00bb background_color=\u00a0\u00bb#ffffff\u00a0\u00bb custom_padding=\u00a0\u00bb30px|30px|30px|30px|true|true\u00a0\u00bb custom_padding_tablet=\u00a0\u00bb\u00a0\u00bb custom_padding_phone=\u00a0\u00bb20px|20px|20px|20px|true|true\u00a0\u00bb custom_padding_last_edited=\u00a0\u00bbon|phone\u00a0\u00bb global_colors_info=\u00a0\u00bb{}\u00a0\u00bb][et_pb_image src=\u00a0\u00bbhttps:\/\/lamaisonnee.be\/wp-content\/uploads\/2025\/03\/DSC05066-scaled.jpg\u00a0\u00bb title_text=\u00a0\u00bbDSC05066&Prime; _builder_version=\u00a0\u00bb4.27.4&Prime; _module_preset=\u00a0\u00bbdefault\u00a0\u00bb custom_margin=\u00a0\u00bb-100px||40px||false|false\u00a0\u00bb custom_margin_tablet=\u00a0\u00bb0px||||false|false\u00a0\u00bb custom_margin_phone=\u00a0\u00bb\u00a0\u00bb custom_margin_last_edited=\u00a0\u00bbon|phone\u00a0\u00bb box_shadow_style=\u00a0\u00bbpreset3&Prime; box_shadow_vertical=\u00a0\u00bb20px\u00a0\u00bb box_shadow_blur=\u00a0\u00bb50px\u00a0\u00bb box_shadow_spread=\u00a0\u00bb0px\u00a0\u00bb box_shadow_color=\u00a0\u00bbrgba(40,40,40,0.4)\u00a0\u00bb locked=\u00a0\u00bboff\u00a0\u00bb global_colors_info=\u00a0\u00bb{}\u00a0\u00bb][\/et_pb_image][et_pb_text _builder_version=\u00a0\u00bb4.27.4&Prime; _module_preset=\u00a0\u00bb0c6bc8be-1265-496d-a8dc-bc5e9a9a9edf\u00a0\u00bb header_font=\u00a0\u00bb||||||||\u00a0\u00bb header_3_font=\u00a0\u00bbNoto Serif||||||||\u00a0\u00bb header_3_text_color=\u00a0\u00bb#000000&Prime; header_3_font_size=\u00a0\u00bb20px\u00a0\u00bb header_3_line_height=\u00a0\u00bb1.4em\u00a0\u00bb header_4_font_size=\u00a0\u00bb20px\u00a0\u00bb custom_margin=\u00a0\u00bb||-1px||false|false\u00a0\u00bb header_3_font_size_tablet=\u00a0\u00bb22px\u00a0\u00bb header_3_font_size_phone=\u00a0\u00bb16px\u00a0\u00bb header_3_font_size_last_edited=\u00a0\u00bbon|phone\u00a0\u00bb header_3_line_height_tablet=\u00a0\u00bb1.2em\u00a0\u00bb header_3_line_height_phone=\u00a0\u00bb1.4em\u00a0\u00bb header_3_line_height_last_edited=\u00a0\u00bboff|desktop\u00a0\u00bb locked=\u00a0\u00bboff\u00a0\u00bb global_colors_info=\u00a0\u00bb{}\u00a0\u00bb]<\/p>\n<h3>L&rsquo;\u00d4\u2019berge<\/h3>\n<p>[\/et_pb_text][et_pb_text _builder_version=\u00a0\u00bb4.27.4&Prime; _module_preset=\u00a0\u00bb7262e956-c376-4aa6-9642-c413f71527d0&Prime; text_line_height=\u00a0\u00bb1.8em\u00a0\u00bb text_font_size_tablet=\u00a0\u00bb\u00a0\u00bb text_font_size_phone=\u00a0\u00bb13px\u00a0\u00bb text_font_size_last_edited=\u00a0\u00bbon|phone\u00a0\u00bb header_font_size_tablet=\u00a0\u00bb55px\u00a0\u00bb header_font_size_last_edited=\u00a0\u00bboff|desktop\u00a0\u00bb locked=\u00a0\u00bboff\u00a0\u00bb global_colors_info=\u00a0\u00bb{}\u00a0\u00bb]<\/p>\n<p><span>Un h\u00e9bergement adapt\u00e9 et chaleureux o\u00f9 chaque r\u00e9sident trouve son espace de vie, dans un cadre s\u00e9curis\u00e9 favorisant bien-\u00eatre et s\u00e9r\u00e9nit\u00e9.<\/span><\/p>\n<p>[\/et_pb_text][\/et_pb_column][et_pb_column type=\u00a0\u00bb1_3&Prime; _builder_version=\u00a0\u00bb4.16&Prime; _module_preset=\u00a0\u00bbdefault\u00a0\u00bb background_color=\u00a0\u00bb#ffffff\u00a0\u00bb custom_padding=\u00a0\u00bb30px|30px|30px|30px|true|true\u00a0\u00bb custom_padding_tablet=\u00a0\u00bb\u00a0\u00bb custom_padding_phone=\u00a0\u00bb20px|20px|20px|20px|true|true\u00a0\u00bb custom_padding_last_edited=\u00a0\u00bbon|phone\u00a0\u00bb global_colors_info=\u00a0\u00bb{}\u00a0\u00bb][et_pb_image src=\u00a0\u00bbhttps:\/\/lamaisonnee.be\/wp-content\/uploads\/2025\/03\/DSC04604-scaled.jpg\u00a0\u00bb title_text=\u00a0\u00bbDSC04604&Prime; _builder_version=\u00a0\u00bb4.27.4&Prime; _module_preset=\u00a0\u00bbdefault\u00a0\u00bb custom_margin=\u00a0\u00bb-100px||40px||false|false\u00a0\u00bb custom_margin_tablet=\u00a0\u00bb0px||||false|false\u00a0\u00bb custom_margin_phone=\u00a0\u00bb\u00a0\u00bb custom_margin_last_edited=\u00a0\u00bbon|phone\u00a0\u00bb box_shadow_style=\u00a0\u00bbpreset3&Prime; box_shadow_vertical=\u00a0\u00bb20px\u00a0\u00bb box_shadow_blur=\u00a0\u00bb50px\u00a0\u00bb box_shadow_spread=\u00a0\u00bb0px\u00a0\u00bb box_shadow_color=\u00a0\u00bbrgba(40,40,40,0.4)\u00a0\u00bb locked=\u00a0\u00bboff\u00a0\u00bb global_colors_info=\u00a0\u00bb{}\u00a0\u00bb][\/et_pb_image][et_pb_text _builder_version=\u00a0\u00bb4.27.0&Prime; _module_preset=\u00a0\u00bb0c6bc8be-1265-496d-a8dc-bc5e9a9a9edf\u00a0\u00bb header_font=\u00a0\u00bb||||||||\u00a0\u00bb header_3_font=\u00a0\u00bbNoto Serif||||||||\u00a0\u00bb header_3_text_color=\u00a0\u00bb#000000&Prime; header_3_font_size=\u00a0\u00bb20px\u00a0\u00bb header_3_line_height=\u00a0\u00bb1.4em\u00a0\u00bb custom_margin=\u00a0\u00bb||-1px||false|false\u00a0\u00bb header_3_font_size_tablet=\u00a0\u00bb22px\u00a0\u00bb header_3_font_size_phone=\u00a0\u00bb16px\u00a0\u00bb header_3_font_size_last_edited=\u00a0\u00bbon|phone\u00a0\u00bb header_3_line_height_tablet=\u00a0\u00bb1.2em\u00a0\u00bb header_3_line_height_phone=\u00a0\u00bb1.4em\u00a0\u00bb header_3_line_height_last_edited=\u00a0\u00bboff|desktop\u00a0\u00bb locked=\u00a0\u00bboff\u00a0\u00bb global_colors_info=\u00a0\u00bb{}\u00a0\u00bb]<\/p>\n<h3>La To\u00fbne<\/h3>\n<p>[\/et_pb_text][et_pb_text _builder_version=\u00a0\u00bb4.27.4&Prime; _module_preset=\u00a0\u00bb7262e956-c376-4aa6-9642-c413f71527d0&Prime; text_line_height=\u00a0\u00bb1.8em\u00a0\u00bb hover_enabled=\u00a0\u00bb0&Prime; text_font_size_tablet=\u00a0\u00bb\u00a0\u00bb text_font_size_phone=\u00a0\u00bb13px\u00a0\u00bb text_font_size_last_edited=\u00a0\u00bbon|phone\u00a0\u00bb header_font_size_tablet=\u00a0\u00bb55px\u00a0\u00bb header_font_size_last_edited=\u00a0\u00bboff|desktop\u00a0\u00bb locked=\u00a0\u00bboff\u00a0\u00bb global_colors_info=\u00a0\u00bb{}\u00a0\u00bb sticky_enabled=\u00a0\u00bb0&Prime;]<\/p>\n<p><span>La To\u00fbne est une unit\u00e9 de vie \u00e0 dimension humaine accueillant 10 adultes avec autisme, dans un environnement adapt\u00e9 \u00e0 leurs besoins sp\u00e9cifiques.<\/span><\/p>\n<p>[\/et_pb_text][\/et_pb_column][et_pb_column type=\u00a0\u00bb1_3&Prime; _builder_version=\u00a0\u00bb4.16&Prime; _module_preset=\u00a0\u00bbdefault\u00a0\u00bb background_color=\u00a0\u00bb#ffffff\u00a0\u00bb custom_padding=\u00a0\u00bb30px|30px|30px|30px|true|true\u00a0\u00bb custom_padding_tablet=\u00a0\u00bb\u00a0\u00bb custom_padding_phone=\u00a0\u00bb20px|20px|20px|20px|true|true\u00a0\u00bb custom_padding_last_edited=\u00a0\u00bbon|phone\u00a0\u00bb global_colors_info=\u00a0\u00bb{}\u00a0\u00bb][et_pb_image src=\u00a0\u00bbhttps:\/\/lamaisonnee.be\/wp-content\/uploads\/2025\/03\/DSC04632-scaled.jpg\u00a0\u00bb title_text=\u00a0\u00bbDSC04632&Prime; _builder_version=\u00a0\u00bb4.27.4&Prime; _module_preset=\u00a0\u00bbdefault\u00a0\u00bb custom_margin=\u00a0\u00bb-100px||40px||false|false\u00a0\u00bb custom_margin_tablet=\u00a0\u00bb0px||||false|false\u00a0\u00bb custom_margin_phone=\u00a0\u00bb\u00a0\u00bb custom_margin_last_edited=\u00a0\u00bbon|phone\u00a0\u00bb box_shadow_style=\u00a0\u00bbpreset3&Prime; box_shadow_vertical=\u00a0\u00bb20px\u00a0\u00bb box_shadow_blur=\u00a0\u00bb50px\u00a0\u00bb box_shadow_spread=\u00a0\u00bb0px\u00a0\u00bb box_shadow_color=\u00a0\u00bbrgba(40,40,40,0.4)\u00a0\u00bb locked=\u00a0\u00bboff\u00a0\u00bb global_colors_info=\u00a0\u00bb{}\u00a0\u00bb][\/et_pb_image][et_pb_text _builder_version=\u00a0\u00bb4.27.0&Prime; _module_preset=\u00a0\u00bb0c6bc8be-1265-496d-a8dc-bc5e9a9a9edf\u00a0\u00bb header_font=\u00a0\u00bb||||||||\u00a0\u00bb header_3_font=\u00a0\u00bbNoto Serif||||||||\u00a0\u00bb header_3_text_color=\u00a0\u00bb#000000&Prime; header_3_font_size=\u00a0\u00bb20px\u00a0\u00bb header_3_line_height=\u00a0\u00bb1.4em\u00a0\u00bb custom_margin=\u00a0\u00bb||-1px||false|false\u00a0\u00bb header_3_font_size_tablet=\u00a0\u00bb22px\u00a0\u00bb header_3_font_size_phone=\u00a0\u00bb16px\u00a0\u00bb header_3_font_size_last_edited=\u00a0\u00bbon|phone\u00a0\u00bb header_3_line_height_tablet=\u00a0\u00bb1.2em\u00a0\u00bb header_3_line_height_phone=\u00a0\u00bb1.4em\u00a0\u00bb header_3_line_height_last_edited=\u00a0\u00bboff|desktop\u00a0\u00bb locked=\u00a0\u00bboff\u00a0\u00bb global_colors_info=\u00a0\u00bb{}\u00a0\u00bb]<\/p>\n<h3>L&rsquo;environement<\/h3>\n<p>[\/et_pb_text][et_pb_text _builder_version=\u00a0\u00bb4.27.4&Prime; _module_preset=\u00a0\u00bb7262e956-c376-4aa6-9642-c413f71527d0&Prime; text_line_height=\u00a0\u00bb1.8em\u00a0\u00bb text_font_size_tablet=\u00a0\u00bb\u00a0\u00bb text_font_size_phone=\u00a0\u00bb13px\u00a0\u00bb text_font_size_last_edited=\u00a0\u00bbon|phone\u00a0\u00bb header_font_size_tablet=\u00a0\u00bb55px\u00a0\u00bb header_font_size_last_edited=\u00a0\u00bboff|desktop\u00a0\u00bb locked=\u00a0\u00bboff\u00a0\u00bb global_colors_info=\u00a0\u00bb{}\u00a0\u00bb]<\/p>\n<p><span>Au c\u0153ur d&rsquo;un environnement naturel pr\u00e9serv\u00e9, notre \u00e9tablissement b\u00e9n\u00e9ficie d&rsquo;un cadre verdoyant o\u00f9 calme et s\u00e9r\u00e9nit\u00e9 se conjuguent.<\/span><\/p>\n<p>[\/et_pb_text][\/et_pb_column][\/et_pb_row][\/et_pb_section][et_pb_section fb_built=\u00a0\u00bb1&Prime; specialty=\u00a0\u00bbon\u00a0\u00bb custom_padding_last_edited=\u00a0\u00bbon|phone\u00a0\u00bb _builder_version=\u00a0\u00bb4.27.4&Prime; _module_preset=\u00a0\u00bbdefault\u00a0\u00bb background_enable_mask_style=\u00a0\u00bbon\u00a0\u00bb background_mask_style=\u00a0\u00bbcorner-square\u00a0\u00bb background_mask_color=\u00a0\u00bb#0e7162&Prime; background_mask_transform=\u00a0\u00bbinvert\u00a0\u00bb custom_margin_tablet=\u00a0\u00bb\u00a0\u00bb custom_margin_phone=\u00a0\u00bb-50px||||false|false\u00a0\u00bb custom_margin_last_edited=\u00a0\u00bbon|phone\u00a0\u00bb custom_padding_tablet=\u00a0\u00bb\u00a0\u00bb custom_padding_phone=\u00a0\u00bb0px||||false|false\u00a0\u00bb top_divider_style=\u00a0\u00bbgraph2&Prime; top_divider_color=\u00a0\u00bb#FFFFFF\u00a0\u00bb top_divider_height=\u00a0\u00bb33px\u00a0\u00bb top_divider_color_tablet=\u00a0\u00bb#FFFFFF\u00a0\u00bb top_divider_color_phone=\u00a0\u00bb#FFFFFF\u00a0\u00bb top_divider_color_last_edited=\u00a0\u00bbon|phone\u00a0\u00bb top_divider_height_tablet=\u00a0\u00bb33px\u00a0\u00bb top_divider_height_phone=\u00a0\u00bb33px\u00a0\u00bb top_divider_height_last_edited=\u00a0\u00bbon|phone\u00a0\u00bb top_divider_repeat_tablet=\u00a0\u00bb\u00a0\u00bb top_divider_repeat_phone=\u00a0\u00bb1x\u00a0\u00bb top_divider_repeat_last_edited=\u00a0\u00bbon|phone\u00a0\u00bb background_last_edited=\u00a0\u00bbon|phone\u00a0\u00bb background_enable_mask_style_tablet=\u00a0\u00bboff\u00a0\u00bb background_enable_mask_style_phone=\u00a0\u00bboff\u00a0\u00bb background_mask_color_tablet=\u00a0\u00bb#0e7162&Prime; global_colors_info=\u00a0\u00bb{}\u00a0\u00bb da_is_popup=\u00a0\u00bboff\u00a0\u00bb da_exit_intent=\u00a0\u00bboff\u00a0\u00bb da_has_close=\u00a0\u00bbon\u00a0\u00bb da_alt_close=\u00a0\u00bboff\u00a0\u00bb da_dark_close=\u00a0\u00bboff\u00a0\u00bb da_not_modal=\u00a0\u00bbon\u00a0\u00bb da_is_singular=\u00a0\u00bboff\u00a0\u00bb da_with_loader=\u00a0\u00bboff\u00a0\u00bb da_has_shadow=\u00a0\u00bbon\u00a0\u00bb da_disable_devices=\u00a0\u00bboff|off|off\u00a0\u00bb][et_pb_column type=\u00a0\u00bb1_2&Prime; specialty_columns=\u00a0\u00bb2&Prime; _builder_version=\u00a0\u00bb4.16&Prime; custom_padding=\u00a0\u00bb|||\u00a0\u00bb global_colors_info=\u00a0\u00bb{}\u00a0\u00bb custom_padding__hover=\u00a0\u00bb|||\u00a0\u00bb][et_pb_row_inner _builder_version=\u00a0\u00bb4.27.0&Prime; _module_preset=\u00a0\u00bbdefault\u00a0\u00bb global_colors_info=\u00a0\u00bb{}\u00a0\u00bb][et_pb_column_inner saved_specialty_column_type=\u00a0\u00bb1_2&Prime; _builder_version=\u00a0\u00bb4.27.0&Prime; _module_preset=\u00a0\u00bbdefault\u00a0\u00bb global_colors_info=\u00a0\u00bb{}\u00a0\u00bb][et_pb_text _builder_version=\u00a0\u00bb4.27.4&Prime; _module_preset=\u00a0\u00bbdefault\u00a0\u00bb header_2_font=\u00a0\u00bbAllan|700|||||||\u00a0\u00bb header_2_font_size=\u00a0\u00bb45px\u00a0\u00bb header_3_font=\u00a0\u00bbAllan|500|||||||\u00a0\u00bb header_3_font_size=\u00a0\u00bb46px\u00a0\u00bb custom_padding=\u00a0\u00bb0px|||||\u00a0\u00bb locked=\u00a0\u00bboff\u00a0\u00bb global_colors_info=\u00a0\u00bb{}\u00a0\u00bb]<\/p>\n<h3><strong>L&rsquo;\u00d4&rsquo;berge<\/strong><\/h3>\n<p>[\/et_pb_text][et_pb_text _builder_version=\u00a0\u00bb4.27.4&Prime; _module_preset=\u00a0\u00bb7262e956-c376-4aa6-9642-c413f71527d0&Prime; text_font=\u00a0\u00bbFaustina|300|||||||\u00a0\u00bb text_font_size=\u00a0\u00bb18px\u00a0\u00bb text_line_height=\u00a0\u00bb1.8em\u00a0\u00bb text_font_size_tablet=\u00a0\u00bb\u00a0\u00bb text_font_size_phone=\u00a0\u00bb13px\u00a0\u00bb text_font_size_last_edited=\u00a0\u00bbon|phone\u00a0\u00bb header_font_size_tablet=\u00a0\u00bb55px\u00a0\u00bb header_font_size_last_edited=\u00a0\u00bboff|desktop\u00a0\u00bb locked=\u00a0\u00bboff\u00a0\u00bb global_colors_info=\u00a0\u00bb{}\u00a0\u00bb]<\/p>\n<p style=\"text-align: justify;\">\u00c0 <strong>L&rsquo;\u00d4&rsquo;berge<\/strong>, les r\u00e9sidents (en situation de <strong>handicap mental<\/strong>) vivent dans un environnement pens\u00e9 comme leur <strong>maison<\/strong>. Plus qu&rsquo;un simple h\u00e9bergement, il s&rsquo;agit d&rsquo;un espace o\u00f9 chacun <strong>participe activement<\/strong> \u00e0 la vie quotidienne, dans un esprit de respect et de partage.<\/p>\n<p style=\"text-align: justify;\">Chaque <strong>accompagnement est adapt\u00e9<\/strong> pour r\u00e9pondre aux besoins, envies et projets de vie sp\u00e9cifiques. <strong>Vacances<\/strong>, <strong>activit\u00e9s sportives<\/strong>, <strong>temps de repos<\/strong> ou <strong>t\u00e2ches du quotidien<\/strong> rythment la vie, offrant un \u00e9quilibre entre autonomie, d\u00e9tente et accompagnement personnalis\u00e9.<\/p>\n<p style=\"text-align: justify;\">Les <strong>espaces de vie<\/strong> sont am\u00e9nag\u00e9s avec soin. Les <strong>chambres<\/strong>, qu&rsquo;elles soient <strong>individuelles ou doubles<\/strong>, sont personnalis\u00e9es selon les go\u00fbts et souhaits des r\u00e9sidents, tandis que les <strong>espaces communs<\/strong> \u2014 salles \u00e0 manger, salons et autres am\u00e9nagements \u2014 \u00e9voluent en fonction des besoins et projets de chacun.<\/p>\n<p>[\/et_pb_text][\/et_pb_column_inner][\/et_pb_row_inner][\/et_pb_column][et_pb_column type=\u00a0\u00bb1_2&Prime; _builder_version=\u00a0\u00bb4.16&Prime; custom_padding=\u00a0\u00bb|||\u00a0\u00bb global_colors_info=\u00a0\u00bb{}\u00a0\u00bb custom_padding__hover=\u00a0\u00bb|||\u00a0\u00bb][et_pb_gallery gallery_ids=\u00a0\u00bb394495,394498,394581,394579,394568,394570&Prime; fullwidth=\u00a0\u00bbon\u00a0\u00bb _builder_version=\u00a0\u00bb4.27.4&Prime; _module_preset=\u00a0\u00bbdefault\u00a0\u00bb custom_margin=\u00a0\u00bb75px|-60%|||false|false\u00a0\u00bb custom_margin_tablet=\u00a0\u00bb0px|0%|||false|false\u00a0\u00bb custom_margin_phone=\u00a0\u00bb0px|0%|||false|false\u00a0\u00bb custom_margin_last_edited=\u00a0\u00bbon|phone\u00a0\u00bb border_radii=\u00a0\u00bbon|15px|15px|15px|15px\u00a0\u00bb border_width_all=\u00a0\u00bb1px\u00a0\u00bb border_color_all=\u00a0\u00bb#FFFFFF\u00a0\u00bb locked=\u00a0\u00bboff\u00a0\u00bb global_colors_info=\u00a0\u00bb{}\u00a0\u00bb][\/et_pb_gallery][\/et_pb_column][\/et_pb_section][et_pb_section fb_built=\u00a0\u00bb1&Prime; specialty=\u00a0\u00bbon\u00a0\u00bb _builder_version=\u00a0\u00bb4.27.0&Prime; _module_preset=\u00a0\u00bbdefault\u00a0\u00bb background_enable_mask_style=\u00a0\u00bbon\u00a0\u00bb background_mask_style=\u00a0\u00bbcorner-square\u00a0\u00bb background_mask_color=\u00a0\u00bb#e0cda9&Prime; background_mask_transform=\u00a0\u00bbinvert|flip_horizontal\u00a0\u00bb top_divider_style=\u00a0\u00bbcurve\u00a0\u00bb top_divider_color=\u00a0\u00bb#FFFFFF\u00a0\u00bb top_divider_height=\u00a0\u00bb54px\u00a0\u00bb global_colors_info=\u00a0\u00bb{}\u00a0\u00bb da_is_popup=\u00a0\u00bboff\u00a0\u00bb da_exit_intent=\u00a0\u00bboff\u00a0\u00bb da_has_close=\u00a0\u00bbon\u00a0\u00bb da_alt_close=\u00a0\u00bboff\u00a0\u00bb da_dark_close=\u00a0\u00bboff\u00a0\u00bb da_not_modal=\u00a0\u00bbon\u00a0\u00bb da_is_singular=\u00a0\u00bboff\u00a0\u00bb da_with_loader=\u00a0\u00bboff\u00a0\u00bb da_has_shadow=\u00a0\u00bbon\u00a0\u00bb da_disable_devices=\u00a0\u00bboff|off|off\u00a0\u00bb][et_pb_column type=\u00a0\u00bb1_2&Prime; _builder_version=\u00a0\u00bb4.16&Prime; custom_padding=\u00a0\u00bb|||\u00a0\u00bb global_colors_info=\u00a0\u00bb{}\u00a0\u00bb custom_padding__hover=\u00a0\u00bb|||\u00a0\u00bb][et_pb_gallery gallery_ids=\u00a0\u00bb394504,394505,394500,394631,394594,394515&Prime; fullwidth=\u00a0\u00bbon\u00a0\u00bb disabled_on=\u00a0\u00bbon|on|off\u00a0\u00bb _builder_version=\u00a0\u00bb4.27.4&Prime; _module_preset=\u00a0\u00bbdefault\u00a0\u00bb custom_margin=\u00a0\u00bb75px|||-40%|false|false\u00a0\u00bb custom_margin_tablet=\u00a0\u00bb0px|||0%|false|false\u00a0\u00bb custom_margin_phone=\u00a0\u00bb0px|||0%|false|false\u00a0\u00bb custom_margin_last_edited=\u00a0\u00bbon|phone\u00a0\u00bb border_radii=\u00a0\u00bbon|15px|15px|15px|15px\u00a0\u00bb border_width_all=\u00a0\u00bb1px\u00a0\u00bb border_color_all=\u00a0\u00bb#FFFFFF\u00a0\u00bb locked=\u00a0\u00bboff\u00a0\u00bb global_colors_info=\u00a0\u00bb{}\u00a0\u00bb][\/et_pb_gallery][\/et_pb_column][et_pb_column type=\u00a0\u00bb1_2&Prime; specialty_columns=\u00a0\u00bb2&Prime; _builder_version=\u00a0\u00bb4.16&Prime; custom_padding=\u00a0\u00bb|||\u00a0\u00bb global_colors_info=\u00a0\u00bb{}\u00a0\u00bb custom_padding__hover=\u00a0\u00bb|||\u00a0\u00bb][et_pb_row_inner _builder_version=\u00a0\u00bb4.27.0&Prime; _module_preset=\u00a0\u00bbdefault\u00a0\u00bb locked=\u00a0\u00bboff\u00a0\u00bb global_colors_info=\u00a0\u00bb{}\u00a0\u00bb][et_pb_column_inner saved_specialty_column_type=\u00a0\u00bb1_2&Prime; _builder_version=\u00a0\u00bb4.27.0&Prime; _module_preset=\u00a0\u00bbdefault\u00a0\u00bb global_colors_info=\u00a0\u00bb{}\u00a0\u00bb][et_pb_text _builder_version=\u00a0\u00bb4.27.4&Prime; _module_preset=\u00a0\u00bbdefault\u00a0\u00bb header_2_font=\u00a0\u00bbAllan|700|||||||\u00a0\u00bb header_2_font_size=\u00a0\u00bb45px\u00a0\u00bb header_3_font=\u00a0\u00bbFaustina|500|on||||||\u00a0\u00bb global_colors_info=\u00a0\u00bb{}\u00a0\u00bb]<\/p>\n<h2>La To\u00fbne<\/h2>\n<p>[\/et_pb_text][et_pb_text _builder_version=\u00a0\u00bb4.27.4&Prime; _module_preset=\u00a0\u00bb7262e956-c376-4aa6-9642-c413f71527d0&Prime; text_font=\u00a0\u00bbFaustina|300|||||||\u00a0\u00bb text_font_size=\u00a0\u00bb18px\u00a0\u00bb text_line_height=\u00a0\u00bb1.8em\u00a0\u00bb text_font_size_tablet=\u00a0\u00bb\u00a0\u00bb text_font_size_phone=\u00a0\u00bb13px\u00a0\u00bb text_font_size_last_edited=\u00a0\u00bbon|phone\u00a0\u00bb header_font_size_tablet=\u00a0\u00bb55px\u00a0\u00bb header_font_size_last_edited=\u00a0\u00bboff|desktop\u00a0\u00bb locked=\u00a0\u00bboff\u00a0\u00bb global_colors_info=\u00a0\u00bb{}\u00a0\u00bb]<\/p>\n<p>Ouverte en janvier <strong>2023<\/strong>, la <strong>\u00ab\u00a0To\u00fbne\u00a0\u00bb<\/strong> est un service r\u00e9sidentiel accueillant <strong>10 personnes adultes<\/strong> pr\u00e9sentant un <strong>trouble du spectre autistique<\/strong> et\/ou un <strong>double diagnostic<\/strong>.<\/p>\n<p>Le b\u00e2timent est divis\u00e9 en diff\u00e9rentes <strong>zones \u00ab de vie \u00bb<\/strong> permettant de r\u00e9pondre au besoin de diff\u00e9rentiation des r\u00e9sidents \u00e0 savoir chaque lieu a une fonction.<\/p>\n<p>Les <strong>deux ailes<\/strong> de chaque c\u00f4t\u00e9 du b\u00e2timent sont destin\u00e9es aux <strong>chambres individuelles<\/strong>, aux <strong>salles de bains<\/strong>, <strong>toilettes adapt\u00e9es<\/strong> et <strong>buanderie<\/strong>,\u2026<\/p>\n<p>Une <strong>cuisine<\/strong> r\u00e9pondant aux normes de la cha\u00eene alimentaire ainsi qu&rsquo;un <strong>r\u00e9fectoire<\/strong> permettent de prendre les diff\u00e9rents repas ensemble tout en respectant les <strong>besoins alimentaires sp\u00e9cifiques<\/strong> et de contenance de chacun.<\/p>\n<p>Pour les loisirs, <strong>deux zones salon<\/strong> s\u00e9par\u00e9es sont pr\u00e9sentes, \u00e9quip\u00e9es de <strong>fauteuils confortables<\/strong> et de <strong>smarts TV<\/strong>, avec acc\u00e8s aux plateformes num\u00e9riques o\u00f9 chacun, \u00e0 tour de r\u00f4le, choisit son programme.<\/p>\n<p>Ce secteur a \u00e9t\u00e9 con\u00e7u, am\u00e9nag\u00e9 et r\u00e9fl\u00e9chi pour offrir un <strong>environnement s\u00e9cure<\/strong>, <strong>serein<\/strong>, propice au d\u00e9veloppement de chacun, permettant de r\u00e9pondre aux <strong>besoins individuels<\/strong>.<\/p>\n<p>[\/et_pb_text][et_pb_gallery gallery_ids=\u00a0\u00bb394504,394505,394500,394631,394594,394515&Prime; fullwidth=\u00a0\u00bbon\u00a0\u00bb disabled_on=\u00a0\u00bboff|off|on\u00a0\u00bb _builder_version=\u00a0\u00bb4.27.4&Prime; _module_preset=\u00a0\u00bbdefault\u00a0\u00bb custom_margin=\u00a0\u00bb75px|||-40%|false|false\u00a0\u00bb custom_margin_tablet=\u00a0\u00bb0px|||0%|false|false\u00a0\u00bb custom_margin_phone=\u00a0\u00bb0px|||0%|false|false\u00a0\u00bb custom_margin_last_edited=\u00a0\u00bbon|phone\u00a0\u00bb border_radii=\u00a0\u00bbon|15px|15px|15px|15px\u00a0\u00bb border_width_all=\u00a0\u00bb1px\u00a0\u00bb border_color_all=\u00a0\u00bb#FFFFFF\u00a0\u00bb locked=\u00a0\u00bboff\u00a0\u00bb global_colors_info=\u00a0\u00bb{}\u00a0\u00bb][\/et_pb_gallery][\/et_pb_column_inner][\/et_pb_row_inner][\/et_pb_column][\/et_pb_section][et_pb_section fb_built=\u00a0\u00bb1&Prime; specialty=\u00a0\u00bbon\u00a0\u00bb _builder_version=\u00a0\u00bb4.27.4&Prime; _module_preset=\u00a0\u00bbdefault\u00a0\u00bb background_enable_mask_style=\u00a0\u00bbon\u00a0\u00bb background_mask_style=\u00a0\u00bbarch\u00a0\u00bb background_mask_color=\u00a0\u00bb#0e7162&Prime; background_mask_transform=\u00a0\u00bbinvert\u00a0\u00bb top_divider_style=\u00a0\u00bbwaves2&Prime; top_divider_color=\u00a0\u00bb#FFFFFF\u00a0\u00bb top_divider_height=\u00a0\u00bb131px\u00a0\u00bb bottom_divider_style=\u00a0\u00bbwaves2&Prime; bottom_divider_color=\u00a0\u00bb#FFFFFF\u00a0\u00bb background_last_edited=\u00a0\u00bbon|phone\u00a0\u00bb background_enable_mask_style_tablet=\u00a0\u00bboff\u00a0\u00bb background_enable_mask_style_phone=\u00a0\u00bboff\u00a0\u00bb locked=\u00a0\u00bboff\u00a0\u00bb global_colors_info=\u00a0\u00bb{}\u00a0\u00bb da_is_popup=\u00a0\u00bboff\u00a0\u00bb da_exit_intent=\u00a0\u00bboff\u00a0\u00bb da_has_close=\u00a0\u00bbon\u00a0\u00bb da_alt_close=\u00a0\u00bboff\u00a0\u00bb da_dark_close=\u00a0\u00bboff\u00a0\u00bb da_not_modal=\u00a0\u00bbon\u00a0\u00bb da_is_singular=\u00a0\u00bboff\u00a0\u00bb da_with_loader=\u00a0\u00bboff\u00a0\u00bb da_has_shadow=\u00a0\u00bbon\u00a0\u00bb da_disable_devices=\u00a0\u00bboff|off|off\u00a0\u00bb][et_pb_column type=\u00a0\u00bb1_2&Prime; specialty_columns=\u00a0\u00bb2&Prime; _builder_version=\u00a0\u00bb4.16&Prime; custom_padding=\u00a0\u00bb|||\u00a0\u00bb global_colors_info=\u00a0\u00bb{}\u00a0\u00bb custom_padding__hover=\u00a0\u00bb|||\u00a0\u00bb][et_pb_row_inner _builder_version=\u00a0\u00bb4.27.0&Prime; _module_preset=\u00a0\u00bbdefault\u00a0\u00bb global_colors_info=\u00a0\u00bb{}\u00a0\u00bb][et_pb_column_inner saved_specialty_column_type=\u00a0\u00bb1_2&Prime; _builder_version=\u00a0\u00bb4.27.0&Prime; _module_preset=\u00a0\u00bbdefault\u00a0\u00bb global_colors_info=\u00a0\u00bb{}\u00a0\u00bb][et_pb_text _builder_version=\u00a0\u00bb4.27.4&Prime; _module_preset=\u00a0\u00bbdefault\u00a0\u00bb header_2_font=\u00a0\u00bbAllan|700|||||||\u00a0\u00bb header_2_font_size=\u00a0\u00bb45px\u00a0\u00bb header_3_font=\u00a0\u00bbFaustina|500|on||||||\u00a0\u00bb text_orientation=\u00a0\u00bbcenter\u00a0\u00bb global_colors_info=\u00a0\u00bb{}\u00a0\u00bb]<\/p>\n<h2>Le Cadre de vie<\/h2>\n<p>[\/et_pb_text][\/et_pb_column_inner][\/et_pb_row_inner][et_pb_row_inner _builder_version=\u00a0\u00bb4.27.0&Prime; _module_preset=\u00a0\u00bbdefault\u00a0\u00bb global_colors_info=\u00a0\u00bb{}\u00a0\u00bb][et_pb_column_inner saved_specialty_column_type=\u00a0\u00bb1_2&Prime; _builder_version=\u00a0\u00bb4.27.0&Prime; _module_preset=\u00a0\u00bbdefault\u00a0\u00bb global_colors_info=\u00a0\u00bb{}\u00a0\u00bb][et_pb_text _builder_version=\u00a0\u00bb4.27.4&Prime; _module_preset=\u00a0\u00bbdefault\u00a0\u00bb header_3_font=\u00a0\u00bbFaustina|500|on||||||\u00a0\u00bb global_colors_info=\u00a0\u00bb{}\u00a0\u00bb]<\/p>\n<h3>Philosophie de travail<\/h3>\n<p>[\/et_pb_text][et_pb_text _builder_version=\u00a0\u00bb4.27.4&Prime; _module_preset=\u00a0\u00bb7262e956-c376-4aa6-9642-c413f71527d0&Prime; text_font=\u00a0\u00bbFaustina|300|||||||\u00a0\u00bb text_font_size=\u00a0\u00bb18px\u00a0\u00bb text_line_height=\u00a0\u00bb1.8em\u00a0\u00bb text_font_size_tablet=\u00a0\u00bb\u00a0\u00bb text_font_size_phone=\u00a0\u00bb13px\u00a0\u00bb text_font_size_last_edited=\u00a0\u00bbon|phone\u00a0\u00bb header_font_size_tablet=\u00a0\u00bb55px\u00a0\u00bb header_font_size_last_edited=\u00a0\u00bboff|desktop\u00a0\u00bb locked=\u00a0\u00bboff\u00a0\u00bb global_colors_info=\u00a0\u00bb{}\u00a0\u00bb]<\/p>\n<p style=\"text-align: justify;\">Situ\u00e9e \u00e0 Ittre, \u00e0 quelques minutes de Nivelles, notre r\u00e9sidence s&rsquo;\u00e9panouit sur un domaine verdoyant de 4 hectares. Cet espace privil\u00e9gi\u00e9 offre \u00e0 nos r\u00e9sidents un environnement paisible et ressour\u00e7ant, o\u00f9 nature et bien-\u00eatre se conjuguent harmonieusement.<\/p>\n<p style=\"text-align: justify;\">Nos trois b\u00e2timents modernes et parfaitement int\u00e9gr\u00e9s dans le paysage s&rsquo;articulent autour d&rsquo;espaces verts soigneusement am\u00e9nag\u00e9s. Cette configuration favorise \u00e0 la fois l&rsquo;intimit\u00e9 et la vie communautaire, tout en garantissant une accessibilit\u00e9 optimale.<\/p>\n<p style=\"text-align: justify;\"><span>La proximit\u00e9 avec le centre d&rsquo;Ittre et de Nivelles permet de conjuguer les avantages d&rsquo;un cadre champ\u00eatre pr\u00e9serv\u00e9 avec l&rsquo;acc\u00e8s facile aux commodit\u00e9s urbaines, offrant ainsi le meilleur des deux mondes \u00e0 nos r\u00e9sidents.<\/span><\/p>\n<p>[\/et_pb_text][\/et_pb_column_inner][\/et_pb_row_inner][\/et_pb_column][et_pb_column type=\u00a0\u00bb1_2&Prime; _builder_version=\u00a0\u00bb4.16&Prime; custom_padding=\u00a0\u00bb|||\u00a0\u00bb global_colors_info=\u00a0\u00bb{}\u00a0\u00bb custom_padding__hover=\u00a0\u00bb|||\u00a0\u00bb][et_pb_gallery gallery_ids=\u00a0\u00bb394537,394596,394578,394556,394557,394559,394561,394562,394553&Prime; fullwidth=\u00a0\u00bbon\u00a0\u00bb _builder_version=\u00a0\u00bb4.27.4&Prime; _module_preset=\u00a0\u00bbdefault\u00a0\u00bb custom_margin=\u00a0\u00bb172px|-40%|||false|false\u00a0\u00bb custom_margin_tablet=\u00a0\u00bb0px|0%|||false|false\u00a0\u00bb custom_margin_phone=\u00a0\u00bb0px|0%|||false|false\u00a0\u00bb custom_margin_last_edited=\u00a0\u00bbon|desktop\u00a0\u00bb border_radii=\u00a0\u00bbon|15px|15px|15px|15px\u00a0\u00bb border_width_all=\u00a0\u00bb1px\u00a0\u00bb border_color_all=\u00a0\u00bb#FFFFFF\u00a0\u00bb locked=\u00a0\u00bboff\u00a0\u00bb global_colors_info=\u00a0\u00bb{}\u00a0\u00bb][\/et_pb_gallery][\/et_pb_column][\/et_pb_section][et_pb_section fb_built=\u00a0\u00bb1&Prime; padding_top_2=\u00a0\u00bb150px\u00a0\u00bb padding_top_bottom_link_2=\u00a0\u00bbfalse\u00a0\u00bb padding_left_right_link_2=\u00a0\u00bbfalse\u00a0\u00bb admin_label=\u00a0\u00bbFeatures \u00a0\u00bb _builder_version=\u00a0\u00bb4.27.0&Prime; _module_preset=\u00a0\u00bbdefault\u00a0\u00bb background_color=\u00a0\u00bbgcid-3d886ef6-8731-4e14-8402-fb3e08bbe225&Prime; background_enable_color=\u00a0\u00bboff\u00a0\u00bb custom_padding=\u00a0\u00bb||0px||false|false\u00a0\u00bb global_colors_info=\u00a0\u00bb{%22gcid-3d886ef6-8731-4e14-8402-fb3e08bbe225%22:%91%22background_color%22%93}\u00a0\u00bb da_is_popup=\u00a0\u00bboff\u00a0\u00bb da_exit_intent=\u00a0\u00bboff\u00a0\u00bb da_has_close=\u00a0\u00bbon\u00a0\u00bb da_alt_close=\u00a0\u00bboff\u00a0\u00bb da_dark_close=\u00a0\u00bboff\u00a0\u00bb da_not_modal=\u00a0\u00bbon\u00a0\u00bb da_is_singular=\u00a0\u00bboff\u00a0\u00bb da_with_loader=\u00a0\u00bboff\u00a0\u00bb da_has_shadow=\u00a0\u00bbon\u00a0\u00bb da_disable_devices=\u00a0\u00bboff|off|off\u00a0\u00bb][et_pb_row column_structure=\u00a0\u00bb1_2,1_2&Prime; _builder_version=\u00a0\u00bb4.16&Prime; _module_preset=\u00a0\u00bbdefault\u00a0\u00bb global_colors_info=\u00a0\u00bb{}\u00a0\u00bb][et_pb_column type=\u00a0\u00bb1_2&Prime; _builder_version=\u00a0\u00bb4.16&Prime; _module_preset=\u00a0\u00bbdefault\u00a0\u00bb global_colors_info=\u00a0\u00bb{}\u00a0\u00bb][et_pb_text _builder_version=\u00a0\u00bb4.27.0&Prime; _module_preset=\u00a0\u00bb003e9429-8e11-4d9e-968b-8881092bbf81&Prime; header_2_font=\u00a0\u00bbNoto Serif||||||||\u00a0\u00bb header_2_text_color=\u00a0\u00bb#000000&Prime; header_2_font_size=\u00a0\u00bb50px\u00a0\u00bb header_2_line_height=\u00a0\u00bb1.3em\u00a0\u00bb custom_margin=\u00a0\u00bb||10px||false|false\u00a0\u00bb header_2_font_size_tablet=\u00a0\u00bb32px\u00a0\u00bb header_2_font_size_phone=\u00a0\u00bb18px\u00a0\u00bb header_2_font_size_last_edited=\u00a0\u00bbon|desktop\u00a0\u00bb header_2_line_height_tablet=\u00a0\u00bb1.2em\u00a0\u00bb header_2_line_height_phone=\u00a0\u00bb1.2em\u00a0\u00bb header_2_line_height_last_edited=\u00a0\u00bboff|desktop\u00a0\u00bb locked=\u00a0\u00bboff\u00a0\u00bb global_colors_info=\u00a0\u00bb{}\u00a0\u00bb]<\/p>\n<h2>Projet en court<\/h2>\n<p>[\/et_pb_text][et_pb_text _builder_version=\u00a0\u00bb4.27.4&Prime; _module_preset=\u00a0\u00bb7262e956-c376-4aa6-9642-c413f71527d0&Prime; text_line_height=\u00a0\u00bb1.8em\u00a0\u00bb text_font_size_tablet=\u00a0\u00bb\u00a0\u00bb text_font_size_phone=\u00a0\u00bb13px\u00a0\u00bb text_font_size_last_edited=\u00a0\u00bbon|phone\u00a0\u00bb header_font_size_tablet=\u00a0\u00bb55px\u00a0\u00bb header_font_size_last_edited=\u00a0\u00bboff|desktop\u00a0\u00bb locked=\u00a0\u00bboff\u00a0\u00bb global_colors_info=\u00a0\u00bb{}\u00a0\u00bb]<\/p>\n<p><span>La Maisonn\u00e9e s&rsquo;engage continuellement dans de nouveaux projets innovants pour am\u00e9liorer la qualit\u00e9 de vie de ses r\u00e9sidents et r\u00e9pondre aux besoins \u00e9volutifs de la communaut\u00e9. Notre vision s&rsquo;\u00e9tend au-del\u00e0 du simple h\u00e9bergement, cherchant \u00e0 cr\u00e9er des espaces de vie dynamiques.<\/span><\/p>\n<p>[\/et_pb_text][et_pb_button button_url=\u00a0\u00bb@ET-DC@eyJkeW5hbWljIjp0cnVlLCJjb250ZW50IjoicG9zdF9saW5rX3VybF9wYWdlIiwic2V0dGluZ3MiOnsicG9zdF9pZCI6IjcxIn19@\u00a0\u00bb button_text=\u00a0\u00bbParticiper au projet\u00a0\u00bb _builder_version=\u00a0\u00bb4.27.4&Prime; _dynamic_attributes=\u00a0\u00bbbutton_url\u00a0\u00bb _module_preset=\u00a0\u00bbf05bba5e-c4ed-4d16-99f6-de883c2b94d5&Prime; custom_button=\u00a0\u00bbon\u00a0\u00bb button_text_size=\u00a0\u00bb12px\u00a0\u00bb button_text_color=\u00a0\u00bb#000000&Prime; button_bg_color=\u00a0\u00bbRGBA(0,0,0,0)\u00a0\u00bb button_bg_image=\u00a0\u00bbhttps:\/\/lamaisonnee.be\/wp-content\/uploads\/2024\/08\/home-staging_93.png\u00a0\u00bb button_bg_size=\u00a0\u00bbinitial\u00a0\u00bb button_bg_position=\u00a0\u00bbcenter_right\u00a0\u00bb button_border_width=\u00a0\u00bb0px\u00a0\u00bb button_border_color=\u00a0\u00bbRGBA(0,0,0,0)\u00a0\u00bb button_border_radius=\u00a0\u00bb0px\u00a0\u00bb button_letter_spacing=\u00a0\u00bb3px\u00a0\u00bb button_font=\u00a0\u00bb|700||on|||||\u00a0\u00bb button_use_icon=\u00a0\u00bboff\u00a0\u00bb custom_padding=\u00a0\u00bb|60px||0px|false|false\u00a0\u00bb locked=\u00a0\u00bboff\u00a0\u00bb global_colors_info=\u00a0\u00bb{}\u00a0\u00bb][\/et_pb_button][et_pb_image src=\u00a0\u00bbhttps:\/\/lamaisonnee.be\/wp-content\/uploads\/2025\/03\/DSC05015-scaled.jpg\u00a0\u00bb title_text=\u00a0\u00bbDSC05015&Prime; _builder_version=\u00a0\u00bb4.27.4&Prime; _module_preset=\u00a0\u00bbdefault\u00a0\u00bb global_colors_info=\u00a0\u00bb{}\u00a0\u00bb][\/et_pb_image][et_pb_image src=\u00a0\u00bbhttps:\/\/lamaisonnee.be\/wp-content\/uploads\/2025\/04\/la-maisonnee-st-travaux_7-scaled.jpg\u00a0\u00bb title_text=\u00a0\u00bbla-maisonnee-st-travaux_7&Prime; _builder_version=\u00a0\u00bb4.27.4&Prime; _module_preset=\u00a0\u00bbdefault\u00a0\u00bb custom_padding=\u00a0\u00bb|0px|||false|false\u00a0\u00bb global_colors_info=\u00a0\u00bb{}\u00a0\u00bb][\/et_pb_image][\/et_pb_column][et_pb_column type=\u00a0\u00bb1_2&Prime; _builder_version=\u00a0\u00bb4.16&Prime; _module_preset=\u00a0\u00bbdefault\u00a0\u00bb custom_padding=\u00a0\u00bb100px||||false|false\u00a0\u00bb custom_padding_tablet=\u00a0\u00bb0px||||false|false\u00a0\u00bb custom_padding_phone=\u00a0\u00bb\u00a0\u00bb custom_padding_last_edited=\u00a0\u00bbon|tablet\u00a0\u00bb global_colors_info=\u00a0\u00bb{}\u00a0\u00bb][et_pb_blurb title=\u00a0\u00bb\u00d4\u2019Berge\u00a0\u00bb image=\u00a0\u00bbhttps:\/\/lamaisonnee.be\/wp-content\/uploads\/2024\/08\/home-staging-icon-3-green-1.png\u00a0\u00bb icon_placement=\u00a0\u00bbleft\u00a0\u00bb image_icon_width=\u00a0\u00bb64px\u00a0\u00bb content_max_width=\u00a0\u00bb100%\u00a0\u00bb image_icon_width_tablet=\u00a0\u00bb32px\u00a0\u00bb image_icon_width_phone=\u00a0\u00bb32px\u00a0\u00bb image_icon_width_last_edited=\u00a0\u00bbon|desktop\u00a0\u00bb content_max_width_tablet=\u00a0\u00bb100%\u00a0\u00bb content_max_width_last_edited=\u00a0\u00bboff|desktop\u00a0\u00bb _builder_version=\u00a0\u00bb4.27.4&Prime; _module_preset=\u00a0\u00bbbbd70754-49fa-4988-ad64-9765b3b8d0fe\u00a0\u00bb header_font=\u00a0\u00bbNoto Serif||||||||\u00a0\u00bb header_text_color=\u00a0\u00bb#000000&Prime; header_font_size=\u00a0\u00bb24px\u00a0\u00bb header_line_height=\u00a0\u00bb1.4em\u00a0\u00bb body_line_height=\u00a0\u00bb1.8em\u00a0\u00bb animation=\u00a0\u00bboff\u00a0\u00bb header_font_size_tablet=\u00a0\u00bb20px\u00a0\u00bb header_font_size_phone=\u00a0\u00bb16px\u00a0\u00bb header_font_size_last_edited=\u00a0\u00bbon|phone\u00a0\u00bb image_max_width=\u00a0\u00bb64px\u00a0\u00bb image_max_width_tablet=\u00a0\u00bb32px\u00a0\u00bb image_max_width_phone=\u00a0\u00bb\u00a0\u00bb image_max_width_last_edited=\u00a0\u00bbon|desktop\u00a0\u00bb global_colors_info=\u00a0\u00bb{}\u00a0\u00bb]<\/p>\n<ul>\n<li>Am\u00e9nagement d\u2019une aile pour les r\u00e9sidents \u00ab\u00a0vieillissants\u00a0\u00bb<\/li>\n<li>Renovation des chambres<\/li>\n<\/ul>\n<p>[\/et_pb_blurb][et_pb_blurb title=\u00a0\u00bbLa To\u00fbne\u00a0\u00bb image=\u00a0\u00bbhttps:\/\/lamaisonnee.be\/wp-content\/uploads\/2024\/08\/home-staging-icon-8-green-1.png\u00a0\u00bb icon_placement=\u00a0\u00bbleft\u00a0\u00bb image_icon_width=\u00a0\u00bb64px\u00a0\u00bb content_max_width=\u00a0\u00bb100%\u00a0\u00bb image_icon_width_tablet=\u00a0\u00bb32px\u00a0\u00bb image_icon_width_phone=\u00a0\u00bb32px\u00a0\u00bb image_icon_width_last_edited=\u00a0\u00bbon|desktop\u00a0\u00bb content_max_width_tablet=\u00a0\u00bb100%\u00a0\u00bb content_max_width_last_edited=\u00a0\u00bboff|desktop\u00a0\u00bb _builder_version=\u00a0\u00bb4.27.4&Prime; _module_preset=\u00a0\u00bbbbd70754-49fa-4988-ad64-9765b3b8d0fe\u00a0\u00bb header_font=\u00a0\u00bbNoto Serif||||||||\u00a0\u00bb header_text_color=\u00a0\u00bb#000000&Prime; header_font_size=\u00a0\u00bb24px\u00a0\u00bb header_line_height=\u00a0\u00bb1.4em\u00a0\u00bb body_line_height=\u00a0\u00bb1.8em\u00a0\u00bb animation=\u00a0\u00bboff\u00a0\u00bb header_font_size_tablet=\u00a0\u00bb20px\u00a0\u00bb header_font_size_phone=\u00a0\u00bb16px\u00a0\u00bb header_font_size_last_edited=\u00a0\u00bbon|phone\u00a0\u00bb image_max_width=\u00a0\u00bb64px\u00a0\u00bb image_max_width_tablet=\u00a0\u00bb32px\u00a0\u00bb image_max_width_phone=\u00a0\u00bb\u00a0\u00bb image_max_width_last_edited=\u00a0\u00bbon|desktop\u00a0\u00bb global_colors_info=\u00a0\u00bb{}\u00a0\u00bb]<\/p>\n<ul>\n<li>R\u00e9am\u00e9nagement des locaux pour consolider la diff\u00e9renciation, les rituels. Exemples\u00a0: am\u00e9nagement du snoezelen, cr\u00e9ation de deux zones de repas, \u2026<\/li>\n<li>Am\u00e9nagement du mobilier r\u00e9pondant aux besoins sp\u00e9cifiques de la population. Ex\u00a0: tables lest\u00e9es, mobiliers \u00ab\u00a0incassables\u00a0\u00bb, \u2026<\/li>\n<li>Cr\u00e9ation d\u2019un jardin d\u2019hiver pour l\u2019ann\u00e9e 2025-2026: Offrir un espace de vie suppl\u00e9mentaire d\u2019\u00e9panouissement aux r\u00e9sidents.<\/li>\n<li>D\u00e9veloppement d\u2019un parcours sensoriel dans le futur espace jardin.<\/li>\n<\/ul>\n<p>[\/et_pb_blurb][et_pb_blurb title=\u00a0\u00bb\u00d4\u2019kot\u00a0\u00bb image=\u00a0\u00bbhttps:\/\/lamaisonnee.be\/wp-content\/uploads\/2024\/08\/home-staging-icon-10-green.png\u00a0\u00bb icon_placement=\u00a0\u00bbleft\u00a0\u00bb image_icon_width=\u00a0\u00bb64px\u00a0\u00bb content_max_width=\u00a0\u00bb100%\u00a0\u00bb image_icon_width_tablet=\u00a0\u00bb32px\u00a0\u00bb image_icon_width_phone=\u00a0\u00bb32px\u00a0\u00bb image_icon_width_last_edited=\u00a0\u00bbon|desktop\u00a0\u00bb content_max_width_tablet=\u00a0\u00bb100%\u00a0\u00bb content_max_width_last_edited=\u00a0\u00bboff|desktop\u00a0\u00bb _builder_version=\u00a0\u00bb4.27.4&Prime; _module_preset=\u00a0\u00bbbbd70754-49fa-4988-ad64-9765b3b8d0fe\u00a0\u00bb header_font=\u00a0\u00bbNoto Serif||||||||\u00a0\u00bb header_text_color=\u00a0\u00bb#000000&Prime; header_font_size=\u00a0\u00bb24px\u00a0\u00bb header_line_height=\u00a0\u00bb1.4em\u00a0\u00bb body_line_height=\u00a0\u00bb1.8em\u00a0\u00bb animation=\u00a0\u00bboff\u00a0\u00bb header_font_size_tablet=\u00a0\u00bb20px\u00a0\u00bb header_font_size_phone=\u00a0\u00bb16px\u00a0\u00bb header_font_size_last_edited=\u00a0\u00bbon|phone\u00a0\u00bb image_max_width=\u00a0\u00bb64px\u00a0\u00bb image_max_width_tablet=\u00a0\u00bb32px\u00a0\u00bb image_max_width_phone=\u00a0\u00bb\u00a0\u00bb image_max_width_last_edited=\u00a0\u00bbon|desktop\u00a0\u00bb global_colors_info=\u00a0\u00bb{}\u00a0\u00bb]<\/p>\n<p>Fin des travaux pour fin de l\u2019\u00e9t\u00e9 2025<\/p>\n<ul>\n<li>Am\u00e9nagement des chambres<\/li>\n<li>Am\u00e9nagement des communs<\/li>\n<\/ul>\n<p>[\/et_pb_blurb][\/et_pb_column][\/et_pb_row][\/et_pb_section]<\/p>\n","protected":false},"excerpt":{"rendered":"<p>La Maisonn\u00e9eNich\u00e9 dans un \u00e9crin de verdure aux portes de Nivelles, notre \u00e9tablissement offre un cadre paisible et ressour\u00e7ant. Les r\u00e9sidents profitent d&rsquo;un environnement champ\u00eatre o\u00f9 nature et s\u00e9r\u00e9nit\u00e9 se conjuguent pour cr\u00e9er une atmosph\u00e8re apaisante au quotidien.L&rsquo;histoire du lieuNich\u00e9e dans la campagne Ittroise, La Maisonn\u00e9e \u00e9tait une ferme qui s&rsquo;est vue devenir un refuge [&hellip;]<\/p>\n","protected":false},"author":1,"featured_media":0,"parent":0,"menu_order":0,"comment_status":"closed","ping_status":"closed","template":"","meta":{"_et_pb_use_builder":"on","_et_pb_old_content":"<!-- wp:divi\/placeholder \/-->","_et_gb_content_width":"","footnotes":""},"class_list":["post-73","page","type-page","status-publish","hentry"],"_links":{"self":[{"href":"https:\/\/lamaisonnee.be\/index.php\/wp-json\/wp\/v2\/pages\/73","targetHints":{"allow":["GET"]}}],"collection":[{"href":"https:\/\/lamaisonnee.be\/index.php\/wp-json\/wp\/v2\/pages"}],"about":[{"href":"https:\/\/lamaisonnee.be\/index.php\/wp-json\/wp\/v2\/types\/page"}],"author":[{"embeddable":true,"href":"https:\/\/lamaisonnee.be\/index.php\/wp-json\/wp\/v2\/users\/1"}],"replies":[{"embeddable":true,"href":"https:\/\/lamaisonnee.be\/index.php\/wp-json\/wp\/v2\/comments?post=73"}],"version-history":[{"count":43,"href":"https:\/\/lamaisonnee.be\/index.php\/wp-json\/wp\/v2\/pages\/73\/revisions"}],"predecessor-version":[{"id":394913,"href":"https:\/\/lamaisonnee.be\/index.php\/wp-json\/wp\/v2\/pages\/73\/revisions\/394913"}],"wp:attachment":[{"href":"https:\/\/lamaisonnee.be\/index.php\/wp-json\/wp\/v2\/media?parent=73"}],"curies":[{"name":"wp","href":"https:\/\/api.w.org\/{rel}","templated":true}]}}